{"id":1498,"date":"2024-02-05T09:41:40","date_gmt":"2024-02-05T08:41:40","guid":{"rendered":"https:\/\/geneva-la-residence.com\/?page_id=1498"},"modified":"2024-10-01T13:32:36","modified_gmt":"2024-10-01T11:32:36","slug":"services-exclusifs","status":"publish","type":"page","link":"https:\/\/geneva-la-residence.com\/fr\/services-exclusifs\/","title":{"rendered":"Services exclusifs"},"content":{"rendered":"\n<div class=\"wp-block-group has-white-background-color has-background is-layout-constrained wp-block-group-is-layout-constrained\">\n<div style=\"height:100px\" aria-hidden=\"true\" class=\"wp-block-spacer\"><\/div>\n\n\n\n<h1 class=\"wp-block-heading chars-splitting-animation has-xx-large-font-size\">Services exclusifs<\/h1>\n\n\n\n<h2 class=\"wp-block-heading has-text-align-center\">Faire de vos d\u00e9sirs,<br><mark style=\"background-color:rgba(0, 0, 0, 0)\" class=\"has-inline-color has-pink-color\"><strong>notre priorit\u00e9<\/strong><\/mark><\/h2>\n\n\n\n<div style=\"height:75px\" aria-hidden=\"true\" class=\"wp-block-spacer\"><\/div>\n<\/div>\n\n\n\n<div class=\"wp-block-group wp-group-layout-columns has-white-background-color has-background is-layout-constrained wp-block-group-is-layout-constrained\">\n<div class=\"section-line-animation\">\n        <span class=\"section-line-animation-inner \">\n               <svg xmlns=\"http:\/\/www.w3.org\/2000\/svg\" x=\"0px\" y=\"0px\" viewbox=\"0 0 1921 1373.1\" style=\"enable-background:new 0 0 1921 1373.1;fill: none;stroke: currentColor;\" xml:space=\"preserve\" preserveaspectratio=\"xMaxYMid slice\">\n                    <path d=\"M1920.5,0.1c0,0-95.3,777.3-547.4,790s-438-89.6-402-82s36.5,95.9-254,166S5.2,896.9,0.5,1373.1\"><\/path>\n                <\/svg>\n        <\/span>\n    <\/div>\n\n\n\n<div class=\"wp-block-group is-layout-constrained wp-container-core-group-is-layout-da5c815c wp-block-group-is-layout-constrained\">\n<div class=\"wp-block-columns is-layout-flex wp-container-core-columns-is-layout-9d6595d7 wp-block-columns-is-layout-flex\">\n<div class=\"wp-block-column is-layout-flow wp-block-column-is-layout-flow\" style=\"flex-basis:25%\">\n<figure class=\"wp-block-image size-large\"><img decoding=\"async\" width=\"1024\" height=\"847\" src=\"https:\/\/geneva-la-residence.com\/wp-content\/uploads\/2023\/09\/96-DIOR-GENEVE-96-min-scaled-e1694704484501-1024x847.jpg\" alt=\"\" class=\"wp-image-1061\" style=\"aspect-ratio:3\/4;object-fit:cover\" srcset=\"https:\/\/geneva-la-residence.com\/wp-content\/uploads\/2023\/09\/96-DIOR-GENEVE-96-min-scaled-e1694704484501-1024x847.jpg 1024w, https:\/\/geneva-la-residence.com\/wp-content\/uploads\/2023\/09\/96-DIOR-GENEVE-96-min-scaled-e1694704484501-300x248.jpg 300w, https:\/\/geneva-la-residence.com\/wp-content\/uploads\/2023\/09\/96-DIOR-GENEVE-96-min-scaled-e1694704484501-768x636.jpg 768w, https:\/\/geneva-la-residence.com\/wp-content\/uploads\/2023\/09\/96-DIOR-GENEVE-96-min-scaled-e1694704484501-1536x1271.jpg 1536w, https:\/\/geneva-la-residence.com\/wp-content\/uploads\/2023\/09\/96-DIOR-GENEVE-96-min-scaled-e1694704484501-2048x1695.jpg 2048w\" sizes=\"(max-width: 1024px) 100vw, 1024px\" \/><\/figure>\n\n\n\n<h5 class=\"wp-block-heading has-text-align-center\">Check-in en suite<\/h5>\n<\/div>\n\n\n\n<div class=\"wp-block-column is-layout-flow wp-block-column-is-layout-flow\" style=\"flex-basis:25%\">\n<figure class=\"wp-block-image size-large\"><img decoding=\"async\" width=\"1024\" height=\"692\" src=\"https:\/\/geneva-la-residence.com\/wp-content\/uploads\/2023\/09\/1704-INTERCONTINENTAL-GENEVE-486-1024x692.jpg\" alt=\"\" class=\"wp-image-1091\" style=\"aspect-ratio:3\/4;object-fit:cover\" srcset=\"https:\/\/geneva-la-residence.com\/wp-content\/uploads\/2023\/09\/1704-INTERCONTINENTAL-GENEVE-486-1024x692.jpg 1024w, https:\/\/geneva-la-residence.com\/wp-content\/uploads\/2023\/09\/1704-INTERCONTINENTAL-GENEVE-486-300x203.jpg 300w, https:\/\/geneva-la-residence.com\/wp-content\/uploads\/2023\/09\/1704-INTERCONTINENTAL-GENEVE-486-768x519.jpg 768w, https:\/\/geneva-la-residence.com\/wp-content\/uploads\/2023\/09\/1704-INTERCONTINENTAL-GENEVE-486-1536x1038.jpg 1536w, https:\/\/geneva-la-residence.com\/wp-content\/uploads\/2023\/09\/1704-INTERCONTINENTAL-GENEVE-486.jpg 1920w\" sizes=\"(max-width: 1024px) 100vw, 1024px\" \/><\/figure>\n\n\n\n<h5 class=\"wp-block-heading has-text-align-center\">Arriv\u00e9e &amp; d\u00e9part \u00e0 votre convenance<\/h5>\n<\/div>\n\n\n\n<div class=\"wp-block-column is-layout-flow wp-block-column-is-layout-flow\" style=\"flex-basis:25%\">\n<figure class=\"wp-block-image size-large\"><img decoding=\"async\" width=\"683\" height=\"1024\" src=\"https:\/\/geneva-la-residence.com\/wp-content\/uploads\/2023\/09\/InterContinental-Geneva-Hotel-la-residence-concierge-local-welcome-limousine-683x1024.jpg\" alt=\"\" class=\"wp-image-1038\" style=\"aspect-ratio:3\/4;object-fit:cover\" srcset=\"https:\/\/geneva-la-residence.com\/wp-content\/uploads\/2023\/09\/InterContinental-Geneva-Hotel-la-residence-concierge-local-welcome-limousine-683x1024.jpg 683w, https:\/\/geneva-la-residence.com\/wp-content\/uploads\/2023\/09\/InterContinental-Geneva-Hotel-la-residence-concierge-local-welcome-limousine-200x300.jpg 200w, https:\/\/geneva-la-residence.com\/wp-content\/uploads\/2023\/09\/InterContinental-Geneva-Hotel-la-residence-concierge-local-welcome-limousine-768x1152.jpg 768w, https:\/\/geneva-la-residence.com\/wp-content\/uploads\/2023\/09\/InterContinental-Geneva-Hotel-la-residence-concierge-local-welcome-limousine-1024x1536.jpg 1024w, https:\/\/geneva-la-residence.com\/wp-content\/uploads\/2023\/09\/InterContinental-Geneva-Hotel-la-residence-concierge-local-welcome-limousine.jpg 1280w\" sizes=\"(max-width: 683px) 100vw, 683px\" \/><\/figure>\n\n\n\n<h5 class=\"wp-block-heading has-text-align-center\">Transferts a\u00e9roport en Class S ou \u00e9quivalent<\/h5>\n<\/div>\n\n\n\n<div class=\"wp-block-column is-layout-flow wp-block-column-is-layout-flow\" style=\"flex-basis:25%\">\n<figure class=\"wp-block-image size-large\"><img decoding=\"async\" width=\"1024\" height=\"767\" src=\"https:\/\/geneva-la-residence.com\/wp-content\/uploads\/2023\/09\/INTERCONTINENTAL_Rade\u00a9GeneveTourisme_JeanJacquesSteiner-32-1024x767.jpg\" alt=\"\" class=\"wp-image-1058\" style=\"aspect-ratio:3\/4;object-fit:cover\" srcset=\"https:\/\/geneva-la-residence.com\/wp-content\/uploads\/2023\/09\/INTERCONTINENTAL_Rade\u00a9GeneveTourisme_JeanJacquesSteiner-32-1024x767.jpg 1024w, https:\/\/geneva-la-residence.com\/wp-content\/uploads\/2023\/09\/INTERCONTINENTAL_Rade\u00a9GeneveTourisme_JeanJacquesSteiner-32-300x225.jpg 300w, https:\/\/geneva-la-residence.com\/wp-content\/uploads\/2023\/09\/INTERCONTINENTAL_Rade\u00a9GeneveTourisme_JeanJacquesSteiner-32-768x575.jpg 768w, https:\/\/geneva-la-residence.com\/wp-content\/uploads\/2023\/09\/INTERCONTINENTAL_Rade\u00a9GeneveTourisme_JeanJacquesSteiner-32-1536x1150.jpg 1536w, https:\/\/geneva-la-residence.com\/wp-content\/uploads\/2023\/09\/INTERCONTINENTAL_Rade\u00a9GeneveTourisme_JeanJacquesSteiner-32.jpg 1920w\" sizes=\"(max-width: 1024px) 100vw, 1024px\" \/><\/figure>\n\n\n\n<h5 class=\"wp-block-heading has-text-align-center\">Service de navette jusqu&rsquo;au centre ville<\/h5>\n<\/div>\n<\/div>\n\n\n\n<div class=\"wp-block-columns is-layout-flex wp-container-core-columns-is-layout-9d6595d7 wp-block-columns-is-layout-flex\">\n<div class=\"wp-block-column is-layout-flow wp-block-column-is-layout-flow\" style=\"flex-basis:25%\">\n<figure class=\"wp-block-image size-large\"><img decoding=\"async\" width=\"772\" height=\"1024\" src=\"https:\/\/geneva-la-residence.com\/wp-content\/uploads\/2023\/09\/InterContinental-Geneva-Hotel-la-residence-concierge-local-welcome-gouvernante-772x1024.jpg\" alt=\"\" class=\"wp-image-515\" style=\"aspect-ratio:3\/4;object-fit:cover\" srcset=\"https:\/\/geneva-la-residence.com\/wp-content\/uploads\/2023\/09\/InterContinental-Geneva-Hotel-la-residence-concierge-local-welcome-gouvernante-772x1024.jpg 772w, https:\/\/geneva-la-residence.com\/wp-content\/uploads\/2023\/09\/InterContinental-Geneva-Hotel-la-residence-concierge-local-welcome-gouvernante-226x300.jpg 226w, https:\/\/geneva-la-residence.com\/wp-content\/uploads\/2023\/09\/InterContinental-Geneva-Hotel-la-residence-concierge-local-welcome-gouvernante-768x1018.jpg 768w, https:\/\/geneva-la-residence.com\/wp-content\/uploads\/2023\/09\/InterContinental-Geneva-Hotel-la-residence-concierge-local-welcome-gouvernante-1159x1536.jpg 1159w, https:\/\/geneva-la-residence.com\/wp-content\/uploads\/2023\/09\/InterContinental-Geneva-Hotel-la-residence-concierge-local-welcome-gouvernante.jpg 1280w\" sizes=\"(max-width: 772px) 100vw, 772px\" \/><\/figure>\n\n\n\n<h5 class=\"wp-block-heading has-text-align-center\">Accueil sur mesure &amp; une \u00e9quipe d\u00e9vou\u00e9e<\/h5>\n<\/div>\n\n\n\n<div class=\"wp-block-column is-layout-flow wp-block-column-is-layout-flow\" style=\"flex-basis:25%\">\n<figure class=\"wp-block-image size-large\"><img decoding=\"async\" width=\"684\" height=\"1024\" src=\"https:\/\/geneva-la-residence.com\/wp-content\/uploads\/2023\/09\/pexels-leeloo-thefirst-5556291-684x1024.jpg\" alt=\"\" class=\"wp-image-776\" style=\"aspect-ratio:3\/4;object-fit:cover\" srcset=\"https:\/\/geneva-la-residence.com\/wp-content\/uploads\/2023\/09\/pexels-leeloo-thefirst-5556291-684x1024.jpg 684w, https:\/\/geneva-la-residence.com\/wp-content\/uploads\/2023\/09\/pexels-leeloo-thefirst-5556291-200x300.jpg 200w, https:\/\/geneva-la-residence.com\/wp-content\/uploads\/2023\/09\/pexels-leeloo-thefirst-5556291-768x1150.jpg 768w, https:\/\/geneva-la-residence.com\/wp-content\/uploads\/2023\/09\/pexels-leeloo-thefirst-5556291-1025x1536.jpg 1025w, https:\/\/geneva-la-residence.com\/wp-content\/uploads\/2023\/09\/pexels-leeloo-thefirst-5556291-1367x2048.jpg 1367w, https:\/\/geneva-la-residence.com\/wp-content\/uploads\/2023\/09\/pexels-leeloo-thefirst-5556291-scaled.jpg 1709w\" sizes=\"(max-width: 684px) 100vw, 684px\" \/><\/figure>\n\n\n\n<h5 class=\"wp-block-heading has-text-align-center\">Styliste personnelle sur demande<\/h5>\n<\/div>\n\n\n\n<div class=\"wp-block-column is-layout-flow wp-block-column-is-layout-flow\" style=\"flex-basis:25%\">\n<figure class=\"wp-block-image size-large\"><img decoding=\"async\" width=\"1024\" height=\"683\" src=\"https:\/\/geneva-la-residence.com\/wp-content\/uploads\/2023\/09\/IMG_0157-1024x683.jpg\" alt=\"\" class=\"wp-image-735\" style=\"aspect-ratio:3\/4;object-fit:cover\" srcset=\"https:\/\/geneva-la-residence.com\/wp-content\/uploads\/2023\/09\/IMG_0157-1024x683.jpg 1024w, https:\/\/geneva-la-residence.com\/wp-content\/uploads\/2023\/09\/IMG_0157-300x200.jpg 300w, https:\/\/geneva-la-residence.com\/wp-content\/uploads\/2023\/09\/IMG_0157-768x512.jpg 768w, https:\/\/geneva-la-residence.com\/wp-content\/uploads\/2023\/09\/IMG_0157-1536x1024.jpg 1536w, https:\/\/geneva-la-residence.com\/wp-content\/uploads\/2023\/09\/IMG_0157.jpg 1600w\" sizes=\"(max-width: 1024px) 100vw, 1024px\" \/><\/figure>\n\n\n\n<h5 class=\"wp-block-heading has-text-align-center\">Acc\u00e8s exclusif au Club David Lloyd<\/h5>\n<\/div>\n\n\n\n<div class=\"wp-block-column is-layout-flow wp-block-column-is-layout-flow\" style=\"flex-basis:25%\">\n<figure class=\"wp-block-image size-large\"><img decoding=\"async\" width=\"1024\" height=\"683\" src=\"https:\/\/geneva-la-residence.com\/wp-content\/uploads\/2023\/09\/Butler-1024x683.jpeg\" alt=\"\" class=\"wp-image-779\" style=\"aspect-ratio:3\/4;object-fit:cover\" srcset=\"https:\/\/geneva-la-residence.com\/wp-content\/uploads\/2023\/09\/Butler-1024x683.jpeg 1024w, https:\/\/geneva-la-residence.com\/wp-content\/uploads\/2023\/09\/Butler-300x200.jpeg 300w, https:\/\/geneva-la-residence.com\/wp-content\/uploads\/2023\/09\/Butler-768x512.jpeg 768w, https:\/\/geneva-la-residence.com\/wp-content\/uploads\/2023\/09\/Butler-1536x1024.jpeg 1536w, https:\/\/geneva-la-residence.com\/wp-content\/uploads\/2023\/09\/Butler-2048x1365.jpeg 2048w\" sizes=\"(max-width: 1024px) 100vw, 1024px\" \/><\/figure>\n\n\n\n<h5 class=\"wp-block-heading has-text-align-center\">Service de majordome 24h\/24<\/h5>\n<\/div>\n<\/div>\n\n\n\n<div class=\"wp-block-columns is-layout-flex wp-container-core-columns-is-layout-9d6595d7 wp-block-columns-is-layout-flex\">\n<div class=\"wp-block-column is-layout-flow wp-block-column-is-layout-flow\" style=\"flex-basis:25%\">\n<figure class=\"wp-block-image size-full\"><img decoding=\"async\" width=\"564\" height=\"1003\" src=\"https:\/\/geneva-la-residence.com\/wp-content\/uploads\/2023\/09\/Hermes-Gift.jpeg\" alt=\"\" class=\"wp-image-748\" style=\"aspect-ratio:3\/4;object-fit:cover\" srcset=\"https:\/\/geneva-la-residence.com\/wp-content\/uploads\/2023\/09\/Hermes-Gift.jpeg 564w, https:\/\/geneva-la-residence.com\/wp-content\/uploads\/2023\/09\/Hermes-Gift-169x300.jpeg 169w\" sizes=\"(max-width: 564px) 100vw, 564px\" \/><\/figure>\n\n\n\n<h5 class=\"wp-block-heading has-text-align-center\">Cadeau signature de la maison Herm\u00e8s<\/h5>\n<\/div>\n\n\n\n<div class=\"wp-block-column is-layout-flow wp-block-column-is-layout-flow\" style=\"flex-basis:25%\">\n<figure class=\"wp-block-image size-large\"><img decoding=\"async\" width=\"1080\" height=\"1440\" src=\"https:\/\/geneva-la-residence.com\/wp-content\/uploads\/2024\/06\/Cristian-Dior-Products-edited.jpg\" alt=\"\" class=\"wp-image-1587\" style=\"aspect-ratio:3\/4;object-fit:cover\" srcset=\"https:\/\/geneva-la-residence.com\/wp-content\/uploads\/2024\/06\/Cristian-Dior-Products-edited.jpg 1080w, https:\/\/geneva-la-residence.com\/wp-content\/uploads\/2024\/06\/Cristian-Dior-Products-edited-225x300.jpg 225w, https:\/\/geneva-la-residence.com\/wp-content\/uploads\/2024\/06\/Cristian-Dior-Products-edited-768x1024.jpg 768w\" sizes=\"(max-width: 1080px) 100vw, 1080px\" \/><\/figure>\n\n\n\n<h5 class=\"wp-block-heading has-text-align-center\">Produits de beaut\u00e9 Dior<\/h5>\n<\/div>\n\n\n\n<div class=\"wp-block-column is-layout-flow wp-block-column-is-layout-flow\" style=\"flex-basis:25%\">\n<figure class=\"wp-block-image size-large\"><img decoding=\"async\" width=\"683\" height=\"1024\" src=\"https:\/\/geneva-la-residence.com\/wp-content\/uploads\/2023\/09\/InterContinental-Geneva-Hotel-la-residence-concierge-afternoon-happy-hour-amenity-683x1024.jpg\" alt=\"\" class=\"wp-image-528\" style=\"aspect-ratio:3\/4;object-fit:cover\" srcset=\"https:\/\/geneva-la-residence.com\/wp-content\/uploads\/2023\/09\/InterContinental-Geneva-Hotel-la-residence-concierge-afternoon-happy-hour-amenity-683x1024.jpg 683w, https:\/\/geneva-la-residence.com\/wp-content\/uploads\/2023\/09\/InterContinental-Geneva-Hotel-la-residence-concierge-afternoon-happy-hour-amenity-200x300.jpg 200w, https:\/\/geneva-la-residence.com\/wp-content\/uploads\/2023\/09\/InterContinental-Geneva-Hotel-la-residence-concierge-afternoon-happy-hour-amenity-768x1152.jpg 768w, https:\/\/geneva-la-residence.com\/wp-content\/uploads\/2023\/09\/InterContinental-Geneva-Hotel-la-residence-concierge-afternoon-happy-hour-amenity-1024x1536.jpg 1024w, https:\/\/geneva-la-residence.com\/wp-content\/uploads\/2023\/09\/InterContinental-Geneva-Hotel-la-residence-concierge-afternoon-happy-hour-amenity.jpg 1280w\" sizes=\"(max-width: 683px) 100vw, 683px\" \/><\/figure>\n\n\n\n<h5 class=\"wp-block-heading has-text-align-center\">Cr\u00e9ation gourmande quotidienne<\/h5>\n<\/div>\n\n\n\n<div class=\"wp-block-column is-layout-flow wp-block-column-is-layout-flow\" style=\"flex-basis:25%\">\n<figure class=\"wp-block-image size-large\"><img decoding=\"async\" width=\"683\" height=\"1024\" src=\"https:\/\/geneva-la-residence.com\/wp-content\/uploads\/2023\/09\/DSC05526-683x1024.jpg\" alt=\"\" class=\"wp-image-722\" style=\"aspect-ratio:3\/4;object-fit:cover\" srcset=\"https:\/\/geneva-la-residence.com\/wp-content\/uploads\/2023\/09\/DSC05526-683x1024.jpg 683w, https:\/\/geneva-la-residence.com\/wp-content\/uploads\/2023\/09\/DSC05526-200x300.jpg 200w, https:\/\/geneva-la-residence.com\/wp-content\/uploads\/2023\/09\/DSC05526-768x1152.jpg 768w, https:\/\/geneva-la-residence.com\/wp-content\/uploads\/2023\/09\/DSC05526-1024x1536.jpg 1024w, https:\/\/geneva-la-residence.com\/wp-content\/uploads\/2023\/09\/DSC05526-1365x2048.jpg 1365w, https:\/\/geneva-la-residence.com\/wp-content\/uploads\/2023\/09\/DSC05526-scaled.jpg 1707w\" sizes=\"(max-width: 683px) 100vw, 683px\" \/><\/figure>\n\n\n\n<h5 class=\"wp-block-heading has-text-align-center\">D\u00eener exclusif avec notre chef<\/h5>\n<\/div>\n<\/div>\n<\/div>\n<\/div>\n\n\n\n<div class=\"wp-block-group wp-group-layout-columns has-white-background-color has-background is-layout-constrained wp-block-group-is-layout-constrained\">\n<div class=\"section-line-animation\">\n        <span class=\"section-line-animation-inner \">\n                  <svg xmlns=\"http:\/\/www.w3.org\/2000\/svg\" x=\"0px\" y=\"0px\" viewbox=\"0 0 2559.5 1324.8\" style=\"enable-background:new 0 0 2559.5 1324.8; fill: none;stroke: currentColor;\" xml:space=\"preserve\" preserveaspectratio=\"xMaxYMin slice\">\n                    <path d=\"M0.1,19.6c0,0,503-103.3,869.2,170.8s394.1,591,694.6,925.7s995.5,165.3,995.5,165.3\"><\/path>\n                <\/svg>\n        <\/span>\n    <\/div>\n\n\n\n<div class=\"wp-block-group is-layout-constrained wp-container-core-group-is-layout-da5c815c wp-block-group-is-layout-constrained\">\n<div class=\"wp-block-columns is-layout-flex wp-container-core-columns-is-layout-9d6595d7 wp-block-columns-is-layout-flex\">\n<div class=\"wp-block-column is-layout-flow wp-block-column-is-layout-flow\" style=\"flex-basis:25%\">\n<figure class=\"wp-block-image size-large\"><img decoding=\"async\" width=\"731\" height=\"1024\" src=\"https:\/\/geneva-la-residence.com\/wp-content\/uploads\/2023\/09\/pexels-rfstudio-3825584-731x1024.jpg\" alt=\"\" class=\"wp-image-767\" style=\"aspect-ratio:3\/4;object-fit:cover\" srcset=\"https:\/\/geneva-la-residence.com\/wp-content\/uploads\/2023\/09\/pexels-rfstudio-3825584-731x1024.jpg 731w, https:\/\/geneva-la-residence.com\/wp-content\/uploads\/2023\/09\/pexels-rfstudio-3825584-214x300.jpg 214w, https:\/\/geneva-la-residence.com\/wp-content\/uploads\/2023\/09\/pexels-rfstudio-3825584-768x1075.jpg 768w, https:\/\/geneva-la-residence.com\/wp-content\/uploads\/2023\/09\/pexels-rfstudio-3825584-1097x1536.jpg 1097w, https:\/\/geneva-la-residence.com\/wp-content\/uploads\/2023\/09\/pexels-rfstudio-3825584-1463x2048.jpg 1463w, https:\/\/geneva-la-residence.com\/wp-content\/uploads\/2023\/09\/pexels-rfstudio-3825584-scaled.jpg 1828w\" sizes=\"(max-width: 731px) 100vw, 731px\" \/><\/figure>\n\n\n\n<h5 class=\"wp-block-heading has-text-align-center\">Service de maintenance quotidien<\/h5>\n<\/div>\n\n\n\n<div class=\"wp-block-column is-layout-flow wp-block-column-is-layout-flow\" style=\"flex-basis:25%\">\n<figure class=\"wp-block-image size-large\"><img decoding=\"async\" width=\"683\" height=\"1024\" src=\"https:\/\/geneva-la-residence.com\/wp-content\/uploads\/2023\/09\/pexels-cottonbro-studio-6466286-683x1024.jpg\" alt=\"\" class=\"wp-image-716\" style=\"aspect-ratio:3\/4;object-fit:cover\" srcset=\"https:\/\/geneva-la-residence.com\/wp-content\/uploads\/2023\/09\/pexels-cottonbro-studio-6466286-683x1024.jpg 683w, https:\/\/geneva-la-residence.com\/wp-content\/uploads\/2023\/09\/pexels-cottonbro-studio-6466286-200x300.jpg 200w, https:\/\/geneva-la-residence.com\/wp-content\/uploads\/2023\/09\/pexels-cottonbro-studio-6466286-768x1152.jpg 768w, https:\/\/geneva-la-residence.com\/wp-content\/uploads\/2023\/09\/pexels-cottonbro-studio-6466286-1024x1536.jpg 1024w, https:\/\/geneva-la-residence.com\/wp-content\/uploads\/2023\/09\/pexels-cottonbro-studio-6466286-1365x2048.jpg 1365w, https:\/\/geneva-la-residence.com\/wp-content\/uploads\/2023\/09\/pexels-cottonbro-studio-6466286-scaled.jpg 1707w\" sizes=\"(max-width: 683px) 100vw, 683px\" \/><\/figure>\n\n\n\n<h5 class=\"wp-block-heading has-text-align-center\">Service d\u2019hospitalit\u00e9 d\u2019exception<\/h5>\n<\/div>\n\n\n\n<div class=\"wp-block-column is-layout-flow wp-block-column-is-layout-flow\" style=\"flex-basis:25%\">\n<figure class=\"wp-block-image size-full\"><img decoding=\"async\" width=\"713\" height=\"534\" src=\"https:\/\/geneva-la-residence.com\/wp-content\/uploads\/2024\/06\/Panier-Pique-Nique-Suites-InterContinental-Geneve.jpg\" alt=\"\" class=\"wp-image-1593\" style=\"aspect-ratio:3\/4;object-fit:cover\" srcset=\"https:\/\/geneva-la-residence.com\/wp-content\/uploads\/2024\/06\/Panier-Pique-Nique-Suites-InterContinental-Geneve.jpg 713w, https:\/\/geneva-la-residence.com\/wp-content\/uploads\/2024\/06\/Panier-Pique-Nique-Suites-InterContinental-Geneve-300x225.jpg 300w\" sizes=\"(max-width: 713px) 100vw, 713px\" \/><\/figure>\n\n\n\n<h5 class=\"wp-block-heading has-text-align-center\">Panier pique-nique gourmand pour une escapade au lac<\/h5>\n<\/div>\n\n\n\n<div class=\"wp-block-column is-layout-flow wp-block-column-is-layout-flow\" style=\"flex-basis:25%\">\n<figure class=\"wp-block-image size-large\"><img decoding=\"async\" width=\"1024\" height=\"683\" src=\"https:\/\/geneva-la-residence.com\/wp-content\/uploads\/2023\/09\/pexels-cottonbro-studio-6466228-1024x683.jpg\" alt=\"\" class=\"wp-image-706\" style=\"aspect-ratio:3\/4;object-fit:cover\" srcset=\"https:\/\/geneva-la-residence.com\/wp-content\/uploads\/2023\/09\/pexels-cottonbro-studio-6466228-1024x683.jpg 1024w, https:\/\/geneva-la-residence.com\/wp-content\/uploads\/2023\/09\/pexels-cottonbro-studio-6466228-300x200.jpg 300w, https:\/\/geneva-la-residence.com\/wp-content\/uploads\/2023\/09\/pexels-cottonbro-studio-6466228-768x512.jpg 768w, https:\/\/geneva-la-residence.com\/wp-content\/uploads\/2023\/09\/pexels-cottonbro-studio-6466228-1536x1024.jpg 1536w, https:\/\/geneva-la-residence.com\/wp-content\/uploads\/2023\/09\/pexels-cottonbro-studio-6466228-2048x1365.jpg 2048w\" sizes=\"(max-width: 1024px) 100vw, 1024px\" \/><\/figure>\n\n\n\n<h5 class=\"wp-block-heading has-text-align-center\">Service de blanchisserie quotidien<\/h5>\n<\/div>\n<\/div>\n\n\n\n<div class=\"wp-block-columns is-layout-flex wp-container-core-columns-is-layout-9d6595d7 wp-block-columns-is-layout-flex\">\n<div class=\"wp-block-column is-layout-flow wp-block-column-is-layout-flow\" style=\"flex-basis:25%\">\n<figure class=\"wp-block-image size-large\"><img decoding=\"async\" width=\"811\" height=\"1024\" src=\"https:\/\/geneva-la-residence.com\/wp-content\/uploads\/2023\/09\/INTERCONTINENTAL_Royal-Residence-Fitness-room-min-scaled-e1694700612934-811x1024.jpg\" alt=\"\" class=\"wp-image-724\" style=\"aspect-ratio:3\/4;object-fit:cover\" srcset=\"https:\/\/geneva-la-residence.com\/wp-content\/uploads\/2023\/09\/INTERCONTINENTAL_Royal-Residence-Fitness-room-min-scaled-e1694700612934-811x1024.jpg 811w, https:\/\/geneva-la-residence.com\/wp-content\/uploads\/2023\/09\/INTERCONTINENTAL_Royal-Residence-Fitness-room-min-scaled-e1694700612934-238x300.jpg 238w, https:\/\/geneva-la-residence.com\/wp-content\/uploads\/2023\/09\/INTERCONTINENTAL_Royal-Residence-Fitness-room-min-scaled-e1694700612934-768x970.jpg 768w, https:\/\/geneva-la-residence.com\/wp-content\/uploads\/2023\/09\/INTERCONTINENTAL_Royal-Residence-Fitness-room-min-scaled-e1694700612934-1217x1536.jpg 1217w, https:\/\/geneva-la-residence.com\/wp-content\/uploads\/2023\/09\/INTERCONTINENTAL_Royal-Residence-Fitness-room-min-scaled-e1694700612934.jpg 1318w\" sizes=\"(max-width: 811px) 100vw, 811px\" \/><\/figure>\n\n\n\n<h5 class=\"wp-block-heading has-text-align-center\">Coach de fitness priv\u00e9 sur demande<\/h5>\n<\/div>\n\n\n\n<div class=\"wp-block-column is-layout-flow wp-block-column-is-layout-flow\" style=\"flex-basis:25%\">\n<figure class=\"wp-block-image size-large\"><img decoding=\"async\" width=\"683\" height=\"1024\" src=\"https:\/\/geneva-la-residence.com\/wp-content\/uploads\/2023\/09\/InterContinental-Geneva-Hotel-la-residence-concierge-local-welcome-pets-1-683x1024.jpg\" alt=\"\" class=\"wp-image-523\" style=\"aspect-ratio:3\/4;object-fit:cover\" srcset=\"https:\/\/geneva-la-residence.com\/wp-content\/uploads\/2023\/09\/InterContinental-Geneva-Hotel-la-residence-concierge-local-welcome-pets-1-683x1024.jpg 683w, https:\/\/geneva-la-residence.com\/wp-content\/uploads\/2023\/09\/InterContinental-Geneva-Hotel-la-residence-concierge-local-welcome-pets-1-200x300.jpg 200w, https:\/\/geneva-la-residence.com\/wp-content\/uploads\/2023\/09\/InterContinental-Geneva-Hotel-la-residence-concierge-local-welcome-pets-1-768x1152.jpg 768w, https:\/\/geneva-la-residence.com\/wp-content\/uploads\/2023\/09\/InterContinental-Geneva-Hotel-la-residence-concierge-local-welcome-pets-1-1024x1536.jpg 1024w, https:\/\/geneva-la-residence.com\/wp-content\/uploads\/2023\/09\/InterContinental-Geneva-Hotel-la-residence-concierge-local-welcome-pets-1.jpg 1280w\" sizes=\"(max-width: 683px) 100vw, 683px\" \/><\/figure>\n\n\n\n<h5 class=\"wp-block-heading has-text-align-center\">Traitement VIP pour votre fid\u00e8le compagnon<\/h5>\n<\/div>\n\n\n\n<div class=\"wp-block-column is-layout-flow wp-block-column-is-layout-flow\" style=\"flex-basis:25%\"><\/div>\n<\/div>\n<\/div>\n<\/div>\n","protected":false},"excerpt":{"rendered":"<p>Services exclusifs Faire de vos d\u00e9sirs,notre priorit\u00e9 Check-in en suite Arriv\u00e9e &amp; d\u00e9part \u00e0 votre convenance Transferts a\u00e9roport en Class S ou \u00e9quivalent Service de navette jusqu&rsquo;au centre ville Accueil sur mesure &amp; une \u00e9quipe d\u00e9vou\u00e9e Styliste personnelle sur demande Acc\u00e8s exclusif au Club David Lloyd Service de majordome 24h\/24 Cadeau signature de la maison [&hellip;]<\/p>\n","protected":false},"author":1,"featured_media":1086,"parent":0,"menu_order":0,"comment_status":"closed","ping_status":"closed","template":"","meta":{"_acf_changed":false,"footnotes":""},"class_list":["post-1498","page","type-page","status-publish","has-post-thumbnail","hentry"],"acf":[],"yoast_head":"<!-- This site is optimized with the Yoast SEO plugin v26.0 - https:\/\/yoast.com\/wordpress\/plugins\/seo\/ -->\n<title>Services exclusifs | La R\u00e9sidence<\/title>\n<meta name=\"robots\" content=\"index, follow, max-snippet:-1, max-image-preview:large, max-video-preview:-1\" \/>\n<link rel=\"canonical\" href=\"https:\/\/geneva-la-residence.com\/fr\/services-exclusifs\/\" \/>\n<meta property=\"og:locale\" content=\"fr_FR\" \/>\n<meta property=\"og:type\" content=\"article\" \/>\n<meta property=\"og:title\" content=\"Services exclusifs | La R\u00e9sidence\" \/>\n<meta property=\"og:description\" content=\"Services exclusifs Faire de vos d\u00e9sirs,notre priorit\u00e9 Check-in en suite Arriv\u00e9e &amp; d\u00e9part \u00e0 votre convenance Transferts a\u00e9roport en Class S ou \u00e9quivalent Service de navette jusqu&rsquo;au centre ville Accueil sur mesure &amp; une \u00e9quipe d\u00e9vou\u00e9e Styliste personnelle sur demande Acc\u00e8s exclusif au Club David Lloyd Service de majordome 24h\/24 Cadeau signature de la maison [&hellip;]\" \/>\n<meta property=\"og:url\" content=\"https:\/\/geneva-la-residence.com\/fr\/services-exclusifs\/\" \/>\n<meta property=\"og:site_name\" content=\"La R\u00e9sidence\" \/>\n<meta property=\"article:modified_time\" content=\"2024-10-01T11:32:36+00:00\" \/>\n<meta property=\"og:image\" content=\"https:\/\/geneva-la-residence.com\/wp-content\/uploads\/2023\/09\/Butler.jpeg\" \/>\n\t<meta property=\"og:image:width\" content=\"2121\" \/>\n\t<meta property=\"og:image:height\" content=\"1414\" \/>\n\t<meta property=\"og:image:type\" content=\"image\/jpeg\" \/>\n<meta name=\"twitter:card\" content=\"summary_large_image\" \/>\n<meta name=\"twitter:label1\" content=\"Dur\u00e9e de lecture estim\u00e9e\" \/>\n\t<meta name=\"twitter:data1\" content=\"5 minutes\" \/>\n<script type=\"application\/ld+json\" class=\"yoast-schema-graph\">{\"@context\":\"https:\/\/schema.org\",\"@graph\":[{\"@type\":\"WebPage\",\"@id\":\"https:\/\/geneva-la-residence.com\/fr\/services-exclusifs\/\",\"url\":\"https:\/\/geneva-la-residence.com\/fr\/services-exclusifs\/\",\"name\":\"Services exclusifs | La R\u00e9sidence\",\"isPartOf\":{\"@id\":\"https:\/\/geneva-la-residence.com\/#website\"},\"primaryImageOfPage\":{\"@id\":\"https:\/\/geneva-la-residence.com\/fr\/services-exclusifs\/#primaryimage\"},\"image\":{\"@id\":\"https:\/\/geneva-la-residence.com\/fr\/services-exclusifs\/#primaryimage\"},\"thumbnailUrl\":\"https:\/\/geneva-la-residence.com\/wp-content\/uploads\/2023\/09\/Butler.jpeg\",\"datePublished\":\"2024-02-05T08:41:40+00:00\",\"dateModified\":\"2024-10-01T11:32:36+00:00\",\"breadcrumb\":{\"@id\":\"https:\/\/geneva-la-residence.com\/fr\/services-exclusifs\/#breadcrumb\"},\"inLanguage\":\"fr-FR\",\"potentialAction\":[{\"@type\":\"ReadAction\",\"target\":[\"https:\/\/geneva-la-residence.com\/fr\/services-exclusifs\/\"]}]},{\"@type\":\"ImageObject\",\"inLanguage\":\"fr-FR\",\"@id\":\"https:\/\/geneva-la-residence.com\/fr\/services-exclusifs\/#primaryimage\",\"url\":\"https:\/\/geneva-la-residence.com\/wp-content\/uploads\/2023\/09\/Butler.jpeg\",\"contentUrl\":\"https:\/\/geneva-la-residence.com\/wp-content\/uploads\/2023\/09\/Butler.jpeg\",\"width\":2121,\"height\":1414},{\"@type\":\"BreadcrumbList\",\"@id\":\"https:\/\/geneva-la-residence.com\/fr\/services-exclusifs\/#breadcrumb\",\"itemListElement\":[{\"@type\":\"ListItem\",\"position\":1,\"name\":\"Accueil\",\"item\":\"https:\/\/geneva-la-residence.com\/fr\/\"},{\"@type\":\"ListItem\",\"position\":2,\"name\":\"Services exclusifs\"}]},{\"@type\":\"WebSite\",\"@id\":\"https:\/\/geneva-la-residence.com\/#website\",\"url\":\"https:\/\/geneva-la-residence.com\/\",\"name\":\"La R\u00e9sidence\",\"description\":\"\",\"publisher\":{\"@id\":\"https:\/\/geneva-la-residence.com\/#organization\"},\"potentialAction\":[{\"@type\":\"SearchAction\",\"target\":{\"@type\":\"EntryPoint\",\"urlTemplate\":\"https:\/\/geneva-la-residence.com\/?s={search_term_string}\"},\"query-input\":{\"@type\":\"PropertyValueSpecification\",\"valueRequired\":true,\"valueName\":\"search_term_string\"}}],\"inLanguage\":\"fr-FR\"},{\"@type\":\"Organization\",\"@id\":\"https:\/\/geneva-la-residence.com\/#organization\",\"name\":\"La R\u00e9sidence\",\"url\":\"https:\/\/geneva-la-residence.com\/\",\"logo\":{\"@type\":\"ImageObject\",\"inLanguage\":\"fr-FR\",\"@id\":\"https:\/\/geneva-la-residence.com\/#\/schema\/logo\/image\/\",\"url\":\"https:\/\/geneva-la-residence.com\/wp-content\/uploads\/2023\/08\/InterContinental-geneva-la-residence-blason.png\",\"contentUrl\":\"https:\/\/geneva-la-residence.com\/wp-content\/uploads\/2023\/08\/InterContinental-geneva-la-residence-blason.png\",\"width\":1000,\"height\":1000,\"caption\":\"La R\u00e9sidence\"},\"image\":{\"@id\":\"https:\/\/geneva-la-residence.com\/#\/schema\/logo\/image\/\"}}]}<\/script>\n<!-- \/ Yoast SEO plugin. -->","yoast_head_json":{"title":"Services exclusifs | La R\u00e9sidence","robots":{"index":"index","follow":"follow","max-snippet":"max-snippet:-1","max-image-preview":"max-image-preview:large","max-video-preview":"max-video-preview:-1"},"canonical":"https:\/\/geneva-la-residence.com\/fr\/services-exclusifs\/","og_locale":"fr_FR","og_type":"article","og_title":"Services exclusifs | La R\u00e9sidence","og_description":"Services exclusifs Faire de vos d\u00e9sirs,notre priorit\u00e9 Check-in en suite Arriv\u00e9e &amp; d\u00e9part \u00e0 votre convenance Transferts a\u00e9roport en Class S ou \u00e9quivalent Service de navette jusqu&rsquo;au centre ville Accueil sur mesure &amp; une \u00e9quipe d\u00e9vou\u00e9e Styliste personnelle sur demande Acc\u00e8s exclusif au Club David Lloyd Service de majordome 24h\/24 Cadeau signature de la maison [&hellip;]","og_url":"https:\/\/geneva-la-residence.com\/fr\/services-exclusifs\/","og_site_name":"La R\u00e9sidence","article_modified_time":"2024-10-01T11:32:36+00:00","og_image":[{"width":2121,"height":1414,"url":"https:\/\/geneva-la-residence.com\/wp-content\/uploads\/2023\/09\/Butler.jpeg","type":"image\/jpeg"}],"twitter_card":"summary_large_image","twitter_misc":{"Dur\u00e9e de lecture estim\u00e9e":"5 minutes"},"schema":{"@context":"https:\/\/schema.org","@graph":[{"@type":"WebPage","@id":"https:\/\/geneva-la-residence.com\/fr\/services-exclusifs\/","url":"https:\/\/geneva-la-residence.com\/fr\/services-exclusifs\/","name":"Services exclusifs | La R\u00e9sidence","isPartOf":{"@id":"https:\/\/geneva-la-residence.com\/#website"},"primaryImageOfPage":{"@id":"https:\/\/geneva-la-residence.com\/fr\/services-exclusifs\/#primaryimage"},"image":{"@id":"https:\/\/geneva-la-residence.com\/fr\/services-exclusifs\/#primaryimage"},"thumbnailUrl":"https:\/\/geneva-la-residence.com\/wp-content\/uploads\/2023\/09\/Butler.jpeg","datePublished":"2024-02-05T08:41:40+00:00","dateModified":"2024-10-01T11:32:36+00:00","breadcrumb":{"@id":"https:\/\/geneva-la-residence.com\/fr\/services-exclusifs\/#breadcrumb"},"inLanguage":"fr-FR","potentialAction":[{"@type":"ReadAction","target":["https:\/\/geneva-la-residence.com\/fr\/services-exclusifs\/"]}]},{"@type":"ImageObject","inLanguage":"fr-FR","@id":"https:\/\/geneva-la-residence.com\/fr\/services-exclusifs\/#primaryimage","url":"https:\/\/geneva-la-residence.com\/wp-content\/uploads\/2023\/09\/Butler.jpeg","contentUrl":"https:\/\/geneva-la-residence.com\/wp-content\/uploads\/2023\/09\/Butler.jpeg","width":2121,"height":1414},{"@type":"BreadcrumbList","@id":"https:\/\/geneva-la-residence.com\/fr\/services-exclusifs\/#breadcrumb","itemListElement":[{"@type":"ListItem","position":1,"name":"Accueil","item":"https:\/\/geneva-la-residence.com\/fr\/"},{"@type":"ListItem","position":2,"name":"Services exclusifs"}]},{"@type":"WebSite","@id":"https:\/\/geneva-la-residence.com\/#website","url":"https:\/\/geneva-la-residence.com\/","name":"La R\u00e9sidence","description":"","publisher":{"@id":"https:\/\/geneva-la-residence.com\/#organization"},"potentialAction":[{"@type":"SearchAction","target":{"@type":"EntryPoint","urlTemplate":"https:\/\/geneva-la-residence.com\/?s={search_term_string}"},"query-input":{"@type":"PropertyValueSpecification","valueRequired":true,"valueName":"search_term_string"}}],"inLanguage":"fr-FR"},{"@type":"Organization","@id":"https:\/\/geneva-la-residence.com\/#organization","name":"La R\u00e9sidence","url":"https:\/\/geneva-la-residence.com\/","logo":{"@type":"ImageObject","inLanguage":"fr-FR","@id":"https:\/\/geneva-la-residence.com\/#\/schema\/logo\/image\/","url":"https:\/\/geneva-la-residence.com\/wp-content\/uploads\/2023\/08\/InterContinental-geneva-la-residence-blason.png","contentUrl":"https:\/\/geneva-la-residence.com\/wp-content\/uploads\/2023\/08\/InterContinental-geneva-la-residence-blason.png","width":1000,"height":1000,"caption":"La R\u00e9sidence"},"image":{"@id":"https:\/\/geneva-la-residence.com\/#\/schema\/logo\/image\/"}}]}},"_links":{"self":[{"href":"https:\/\/geneva-la-residence.com\/fr\/wp-json\/wp\/v2\/pages\/1498","targetHints":{"allow":["GET"]}}],"collection":[{"href":"https:\/\/geneva-la-residence.com\/fr\/wp-json\/wp\/v2\/pages"}],"about":[{"href":"https:\/\/geneva-la-residence.com\/fr\/wp-json\/wp\/v2\/types\/page"}],"author":[{"embeddable":true,"href":"https:\/\/geneva-la-residence.com\/fr\/wp-json\/wp\/v2\/users\/1"}],"replies":[{"embeddable":true,"href":"https:\/\/geneva-la-residence.com\/fr\/wp-json\/wp\/v2\/comments?post=1498"}],"version-history":[{"count":0,"href":"https:\/\/geneva-la-residence.com\/fr\/wp-json\/wp\/v2\/pages\/1498\/revisions"}],"wp:featuredmedia":[{"embeddable":true,"href":"https:\/\/geneva-la-residence.com\/fr\/wp-json\/wp\/v2\/media\/1086"}],"wp:attachment":[{"href":"https:\/\/geneva-la-residence.com\/fr\/wp-json\/wp\/v2\/media?parent=1498"}],"curies":[{"name":"wp","href":"https:\/\/api.w.org\/{rel}","templated":true}]}}